{"id":3,"date":"2024-08-29T19:41:04","date_gmt":"2024-08-29T19:41:04","guid":{"rendered":"https:\/\/techeart.com.br\/axisloja3\/?page_id=3"},"modified":"2024-09-11T17:07:13","modified_gmt":"2024-09-11T17:07:13","slug":"politica-de-privacidade","status":"publish","type":"page","link":"https:\/\/techeart.com.br\/axisloja3\/politica-de-privacidade\/","title":{"rendered":"Pol\u00edtica de Privacidade"},"content":{"rendered":"\t\t<div data-elementor-type=\"wp-page\" data-elementor-id=\"3\" class=\"elementor elementor-3\" data-elementor-post-type=\"page\">\n\t\t\t\t<div class=\"elementor-element elementor-element-6df07bb8 e-con-full e-flex e-con e-parent\" data-id=\"6df07bb8\" data-element_type=\"container\" data-e-type=\"container\">\n\t\t\t\t<div class=\"elementor-element elementor-element-82ae0b5 elementor-widget elementor-widget-text-editor\" data-id=\"82ae0b5\" data-element_type=\"widget\" data-e-type=\"widget\" data-widget_type=\"text-editor.default\">\n\t\t\t\t<div class=\"elementor-widget-container\">\n\t\t\t\t\t\t\t\t\t<h3><span style=\"font-weight: 400;\">LGPD<\/span><\/h3>\n<h6><span style=\"font-weight: 400;\">Baseado na Lei Geral de Prote\u00e7\u00e3o de Dados<\/span><\/h6>\n<ol>\n<li><span style=\"font-weight: 400;\"> OBJETIVO<\/span><\/li>\n<\/ol>\n<p><span style=\"font-weight: 400;\">A Pol\u00edtica de Privacidade e a prote\u00e7\u00e3o de dados descritas neste documento estabelece como \u00e9 feita a coleta, tratamento e transfer\u00eancia de informa\u00e7\u00f5es dos dados trafegados pela companhia, comprometendo-nos com a transpar\u00eancia do tratamento de dados pessoais dos nossos usu\u00e1rios\/clientes, respeitando a Constitui\u00e7\u00e3o Federal, em legisla\u00e7\u00f5es setoriais como no Marco Civil da Internet e Lei 13.709\/2018 (Lei Geral de Prote\u00e7\u00e3o de Dados Pessoais).<\/span><\/p>\n<ol start=\"2\">\n<li><span style=\"font-weight: 400;\"> CAMPO DE APLICA\u00c7\u00c3O<\/span><\/li>\n<\/ol>\n<p><span style=\"font-weight: 400;\">Para a opera\u00e7\u00e3o do neg\u00f3cio da companhia, \u00e9 utilizada uma grande quantidade de Informa\u00e7\u00f5es pessoalmente identific\u00e1veis (PII \u2013 Personally Identifiable Information) de:<\/span><\/p>\n<ul>\n<li><span style=\"font-weight: 400;\"> Funcion\u00e1rios;<\/span><\/li>\n<li><span style=\"font-weight: 400;\"> Estagi\u00e1rios;<\/span><\/li>\n<li><span style=\"font-weight: 400;\"> Fornecedores terceiros;<\/span><\/li>\n<li><span style=\"font-weight: 400;\"> Visitantes (site e instala\u00e7\u00e3o f\u00edsica);<\/span><\/li>\n<\/ul>\n<p><span style=\"font-weight: 400;\">Ao coletar este tipo de informa\u00e7\u00e3o, a companhia est\u00e1 sujeita a regulamenta\u00e7\u00f5es que definem que tipos de dados podem ser coletados, assim como as medidas de seguran\u00e7a que devem ser tomadas para prote\u00e7\u00e3o desses dados.<\/span><\/p>\n<p><span style=\"font-weight: 400;\">Este documento descreve as medidas tomadas pela\u00a0 para garantir estar em conformidade com a LGPD. Este controle se aplica a todos as pessoas e processos da companhia, incluindo diretores, funcion\u00e1rios, empregados, fornecedores e terceiros que tem acesso aos sistemas de informa\u00e7\u00e3o da organiza\u00e7\u00e3o.<\/span><\/p>\n<ol start=\"3\">\n<li><span style=\"font-weight: 400;\"> GENERALIDADES<\/span><\/li>\n<\/ol>\n<p><span style=\"font-weight: 400;\">Dado pessoal \u2013 informa\u00e7\u00e3o relacionada a pessoa natural identificada ou identific\u00e1vel;<\/span><\/p>\n<p><span style=\"font-weight: 400;\">Dado pessoal sens\u00edvel &#8211; dado pessoal sobre origem racial ou \u00e9tnica, convic\u00e7\u00e3o religiosa, opini\u00e3o pol\u00edtica, filia\u00e7\u00e3o a sindicato ou a organiza\u00e7\u00e3o de car\u00e1ter religioso, filos\u00f3fico ou pol\u00edtico, dado referente \u00e0 sa\u00fade ou \u00e0 vida sexual, dado gen\u00e9tico ou biom\u00e9trico, quando vinculado a uma pessoa natural;<\/span><\/p>\n<p><span style=\"font-weight: 400;\">Titular &#8211; pessoa natural a quem se referem os dados pessoais que s\u00e3o objeto de tratamento;<\/span><\/p>\n<p><span style=\"font-weight: 400;\">Controlador &#8211; pessoa natural ou jur\u00eddica, de direito p\u00fablico ou privado, a quem competem as decis\u00f5es referentes ao tratamento de dados pessoais;<\/span><\/p>\n<p><span style=\"font-weight: 400;\">Operador &#8211; pessoa natural ou jur\u00eddica, de direito p\u00fablico ou privado, que realiza o tratamento de dados pessoais em nome do controlador;<\/span><\/p>\n<p><span style=\"font-weight: 400;\">Encarregado &#8211; pessoa indicada pelo controlador e operador para atuar como canal de comunica\u00e7\u00e3o entre o controlador, os titulares dos dados e a Autoridade Nacional de Prote\u00e7\u00e3o de Dados (ANPD);<\/span><\/p>\n<p><span style=\"font-weight: 400;\">Tratamento de dados &#8211; Tratamento &#8211; toda opera\u00e7\u00e3o realizada com dados pessoais, como as que se referem a coleta, produ\u00e7\u00e3o, recep\u00e7\u00e3o, classifica\u00e7\u00e3o, utiliza\u00e7\u00e3o, acesso, reprodu\u00e7\u00e3o, transmiss\u00e3o, distribui\u00e7\u00e3o, processamento, arquivamento, armazenamento, elimina\u00e7\u00e3o, avalia\u00e7\u00e3o ou controle da informa\u00e7\u00e3o, modifica\u00e7\u00e3o, comunica\u00e7\u00e3o, transfer\u00eancia, difus\u00e3o ou extra\u00e7\u00e3o;<\/span><\/p>\n<p><span style=\"font-weight: 400;\">Agentes de tratamento &#8211; Controlador e o operador;<\/span><\/p>\n<p><span style=\"font-weight: 400;\">Anonimiza\u00e7\u00e3o &#8211; utiliza\u00e7\u00e3o de meios t\u00e9cnicos razo\u00e1veis e dispon\u00edveis no momento do tratamento, por meio dos quais um dado perde a possibilidade de associa\u00e7\u00e3o, direta ou indireta, a um indiv\u00edduo;<\/span><\/p>\n<p><span style=\"font-weight: 400;\">Cookies &#8211; s\u00e3o arquivos ou informa\u00e7\u00f5es que podem ser armazenadas em seus dispositivos (computador ou celular) quando voc\u00ea visita os websites ou utiliza os servi\u00e7os on-line, contendo, em regra, o nome do site que o originou, o seu tempo de visita ao site e uma numera\u00e7\u00e3o, que \u00e9 gerada aleatoriamente. Os COOKIES, refletem o seu hist\u00f3rico de navega\u00e7\u00e3o e interesses na internet.<\/span><\/p>\n<ol start=\"4\">\n<li><span style=\"font-weight: 400;\"> RESPONSABILIDADES<\/span><\/li>\n<\/ol>\n<p><span style=\"font-weight: 400;\">As responsabilidades dos agentes que atuam nos processos de tratamento de dados, s\u00e3o previstas em conformidade com os artigos 42 ao 45 da Lei Geral de Prote\u00e7\u00e3o de Dados, nos comprometemos em manter esta Pol\u00edtica de Privacidade atualizada, observando suas disposi\u00e7\u00f5es e zelando por seu cumprimento, garantir condi\u00e7\u00f5es t\u00e9cnicas e organizativas seguramente aptas a proteger todo o processo de tratamento de dados.<\/span><\/p>\n<p><span style=\"font-weight: 400;\">4.1. Isen\u00e7\u00e3o de responsabilidade<\/span><\/p>\n<p><span style=\"font-weight: 400;\">Conforme mencionado no T\u00f3pico 5.3.1, embora adotemos elevados padr\u00f5es de seguran\u00e7a a fim de evitar incidentes, n\u00e3o h\u00e1 nenhuma p\u00e1gina virtual inteiramente livre de riscos. Nesse sentido, a \u00a0 AXIS SOLU\u00c7\u00d5ES EM ALTURA n\u00e3o se responsabiliza por:<\/span><\/p>\n<p><span style=\"font-weight: 400;\">I \u2013 Quaisquer consequ\u00eancias decorrentes da neglig\u00eancia, imprud\u00eancia ou imper\u00edcia dos usu\u00e1rios em rela\u00e7\u00e3o a seus dados individuais. Garantimos e nos responsabilizamos apenas pela seguran\u00e7a dos processos de tratamento de dados e do cumprimento das finalidades descritas no presente instrumento. II &#8211; Destacamos que a responsabilidade em rela\u00e7\u00e3o \u00e0 confidencialidade dos dados de acesso \u00e9 do usu\u00e1rio.<\/span><\/p>\n<p><span style=\"font-weight: 400;\">III \u2013 A\u00e7\u00f5es maliciosas de terceiros, como ataques de hackers, exceto se comprovada conduta culposa ou deliberada das opera\u00e7\u00f5es contratadas \u00a0 AXIS SOLU\u00c7\u00d5ES EM ALTURA. IV &#8211; Destacamos que em caso de incidentes de seguran\u00e7a que possam gerar risco ou dano relevante para voc\u00ea ou qualquer um de nossos usu\u00e1rios\/clientes, comunicaremos aos afetados e \u00e0 Autoridade Nacional de Prote\u00e7\u00e3o de Dados sobre o ocorrido e cumpriremos as provid\u00eancias necess\u00e1rias.<\/span><\/p>\n<p><span style=\"font-weight: 400;\">V \u2013 Inveracidade das informa\u00e7\u00f5es inseridas pelo usu\u00e1rio\/cliente nos registros necess\u00e1rios para a utiliza\u00e7\u00e3o dos nossos servi\u00e7os; quaisquer consequ\u00eancias decorrentes de informa\u00e7\u00f5es falsas ou inseridas de m\u00e1-f\u00e9 s\u00e3o de inteiramente responsabilidade do usu\u00e1rio\/cliente.<\/span><\/p>\n<ol start=\"5\">\n<li><span style=\"font-weight: 400;\"> PROCEDIMENTO<\/span><\/li>\n<\/ol>\n<p><span style=\"font-weight: 400;\">5.1. Princ\u00edpios relacionados ao processamento de dados privados<\/span><\/p>\n<p><span style=\"font-weight: 400;\">Existem alguns princ\u00edpios fundamentais sobre os quais a LGPD \u00e9 baseada como: Finalidade, Adequa\u00e7\u00e3o do tratamento \u00e0 finalidade, Necessidade, Livre acesso, Transpar\u00eancia, Seguran\u00e7a, Preven\u00e7\u00e3o, N\u00e3o discrimina\u00e7\u00e3o, Responsabiliza\u00e7\u00e3o e presta\u00e7\u00e3o de contas.<\/span><\/p>\n<p><span style=\"font-weight: 400;\">A \u00a0 AXIS SOLU\u00c7\u00d5ES EM ALTURA garante conformidade com os princ\u00edpios definidos na lei nas atividades de processamento.<\/span><\/p>\n<p><span style=\"font-weight: 400;\">5.2. Dados coletados e finalidade<\/span><\/p>\n<p><span style=\"font-weight: 400;\">A coleta e tratamento de dados pela \u00a0 AXIS SOLU\u00c7\u00d5ES EM ALTURA \u00e9 realizada para cumprimento da obriga\u00e7\u00e3o legal junto aos funcion\u00e1rios, estagi\u00e1rios, s\u00f3cios e terceiros como previsto na Lei LGPD, quando necess\u00e1rio para a execu\u00e7\u00e3o ou procedimentos preliminares relacionados a contrato de trabalho ou presta\u00e7\u00e3o de servi\u00e7o do qual seja parte o titular.<\/span><\/p>\n<p><span style=\"font-weight: 400;\">No caso dos dados de visitantes, a finalidade da coleta \u00e9 estabelecer contato para rela\u00e7\u00e3o comercial e presta\u00e7\u00e3o de servi\u00e7o pela nossa companhia e seguran\u00e7a no acesso \u00e0s nossas instala\u00e7\u00f5es f\u00edsicas.<\/span><\/p>\n<p><span style=\"font-weight: 400;\">5.3. Consentimento<\/span><\/p>\n<p><span style=\"font-weight: 400;\">O consentimento para tratamento de dados pessoais realizado pela \u00a0 AXIS SOLU\u00c7\u00d5ES EM ALTURA cumpre todos os requisitos legais constantes nas legisla\u00e7\u00f5es pertinentes \u00e0 realiza\u00e7\u00e3o de contrato de trabalho e contrato de presta\u00e7\u00e3o de servi\u00e7os.<\/span><\/p>\n<p><span style=\"font-weight: 400;\">5.3.1. Direitos do Titular<\/span><\/p>\n<p><span style=\"font-weight: 400;\">Os direitos de titular s\u00e3o assegurados como previstos no artigo 18 da Lei Geral de Prote\u00e7\u00e3o de Dados. Dessa forma, voc\u00ea pode, de maneira gratuita e a qualquer momento:<\/span><\/p>\n<p><span style=\"font-weight: 400;\">I &#8211; Confirmar a exist\u00eancia de tratamento de dados, de maneira simplificada ou em formato claro e completo.<\/span><\/p>\n<p><span style=\"font-weight: 400;\">II &#8211; Acessar seus dados, podendo solicit\u00e1-los em uma c\u00f3pia leg\u00edvel sob forma impressa ou por meio eletr\u00f4nico, seguro e id\u00f4neo.<\/span><\/p>\n<p><span style=\"font-weight: 400;\">III &#8211; Corrigir seus dados, solicitar a edi\u00e7\u00e3o, corre\u00e7\u00e3o ou atualiza\u00e7\u00e3o destes.<\/span><\/p>\n<p><span style=\"font-weight: 400;\">IV &#8211; Limitar seus dados quando desnecess\u00e1rios, excessivos ou tratados em desconformidade com a legisla\u00e7\u00e3o atrav\u00e9s da anonimiza\u00e7\u00e3o, bloqueio ou elimina\u00e7\u00e3o.<\/span><\/p>\n<p><span style=\"font-weight: 400;\">V &#8211; Solicitar a portabilidade de seus dados, atrav\u00e9s de um relat\u00f3rio de dados cadastrais que a empresa trata a seu respeito.<\/span><\/p>\n<p><span style=\"font-weight: 400;\">VI &#8211; Eliminar seus dados tratados a partir de seu consentimento, exceto nos casos previstos em lei.<\/span><\/p>\n<p><span style=\"font-weight: 400;\">VII &#8211; Revogar seu consentimento, desautorizando o tratamento de seus dados.<\/span><\/p>\n<p><span style=\"font-weight: 400;\">VIII &#8211; Informar-se sobre a possibilidade de n\u00e3o fornecer seu consentimento e sobre as consequ\u00eancias da negativa.<\/span><\/p>\n<p><span style=\"font-weight: 400;\">Cada um destes direitos \u00e9 apoiado por processos definidos pela \u00a0 AXIS SOLU\u00c7\u00d5ES EM ALTURA que permitem que a a\u00e7\u00e3o requerida seja tomada dentro do prazo definido pela LGPD.<\/span><\/p>\n<p><span style=\"font-weight: 400;\">Todas as requisi\u00e7\u00f5es listadas acima podem ser realizadas por parte do titular dos dados atrav\u00e9s do nosso website na \u00e1rea de Canais de Atendimento, entretanto, por motivo de seguran\u00e7a, ser\u00e3o realizadas algumas maneiras de identifica\u00e7\u00e3o positiva para averiguar se o respons\u00e1vel pelas requisi\u00e7\u00f5es \u00e9 realmente o titular dos dados.<\/span><\/p>\n<p><span style=\"font-weight: 400;\">5.3.2. Interesses vitais do titular dos dados<\/span><\/p>\n<p><span style=\"font-weight: 400;\">Em caso de prote\u00e7\u00e3o de interesses vitais do titular ou outra pessoa natural, os dados podem ser usados conforme as bases legais de processamento. A \u00a0 AXIS SOLU\u00c7\u00d5ES EM ALTURA garante reter razoavelmente evid\u00eancias documentadas sempre que esse motivo for usado como base legal do processamento de dados pessoais.<\/span><\/p>\n<p><span style=\"font-weight: 400;\">5.4. Como e por quanto tempo os dados ser\u00e3o armazenados<\/span><\/p>\n<p><span style=\"font-weight: 400;\">Os dados pessoais coletados ser\u00e3o utilizados e armazenados durante o tempo necess\u00e1rio para a presta\u00e7\u00e3o do servi\u00e7o ou para que as finalidades elencadas na presente Pol\u00edtica de Privacidade sejam atingidas, considerando os direitos dos titulares dos dados e dos controladores.<\/span><\/p>\n<p><span style=\"font-weight: 400;\">Findada a rela\u00e7\u00e3o contratual e o per\u00edodo de armazenamento, os dados pessoais ser\u00e3o exclu\u00eddos de nossas bases de dados ou anonimizados, ressalvadas as hip\u00f3teses legalmente previstas em lei.<\/span><\/p>\n<p><span style=\"font-weight: 400;\">5.4.1. Medidas de seguran\u00e7a aplicadas aos dados pessoais<\/span><\/p>\n<p><span style=\"font-weight: 400;\">Para mantermos as informa\u00e7\u00f5es pessoais seguras, usamos ferramentas f\u00edsicas, eletr\u00f4nicas e gerenciais orientadas para a prote\u00e7\u00e3o da privacidade. Todas as medidas aplicadas refletem o nosso compromisso com a seguran\u00e7a e privacidade dos dados pessoais, empregando solu\u00e7\u00f5es t\u00e9cnicas de prote\u00e7\u00e3o aptas a garantir a confidencialidade, integridade e inviolabilidade dos dados pessoais, apropriadas aos riscos e com controle de acesso \u00e0s informa\u00e7\u00f5es armazenadas, levando em considera\u00e7\u00e3o a natureza dos dados pessoais coletados, o contexto e a finalidade do tratamento e os riscos que eventuais viola\u00e7\u00f5es gerariam para os direitos e liberdades do titular dos dados coletados e tratados.<\/span><\/p>\n<p><span style=\"font-weight: 400;\">Em caso de incidentes de seguran\u00e7a que possam gerar risco ou dano relevante para qualquer titular, comunicaremos aos afetados e a Autoridade Nacional de Prote\u00e7\u00e3o de Dados sobre o ocorrido, em conson\u00e2ncia com as disposi\u00e7\u00f5es da Lei Geral de Prote\u00e7\u00e3o de Dados.<\/span><\/p>\n<p><span style=\"font-weight: 400;\">5.4.2. Compartilhamento dos dados<\/span><\/p>\n<p><span style=\"font-weight: 400;\">A\u00a0 AXIS SOLU\u00c7\u00d5ES EM ALTURA pode utilizar-se do compartilhamento de dados pessoais com fornecedores terceiros nas seguintes hip\u00f3teses:<\/span><\/p>\n<p><span style=\"font-weight: 400;\">I \u2013 Cumprimento de obriga\u00e7\u00f5es trabalhistas;<\/span><\/p>\n<p><span style=\"font-weight: 400;\">II \u2013 Cumprimento de obriga\u00e7\u00f5es fiscais;<\/span><\/p>\n<p><span style=\"font-weight: 400;\">III \u2013 Atendimento de fornecedores para manuten\u00e7\u00e3o de ferramentas corporativas e ativos da organiza\u00e7\u00e3o;<\/span><\/p>\n<p><span style=\"font-weight: 400;\">Tendo em vista a preserva\u00e7\u00e3o de sua privacidade, a \u00a0 AXIS SOLU\u00c7\u00d5ES EM ALTURA n\u00e3o compartilhar\u00e1 dados pessoais com nenhum terceiro n\u00e3o autorizado, salvo hip\u00f3tese de:<\/span><\/p>\n<p><span style=\"font-weight: 400;\">I &#8211; Determina\u00e7\u00e3o legal, requerimento, requisi\u00e7\u00e3o ou ordem judicial, com autoridades judiciais, administrativas ou governamentais competentes;<\/span><\/p>\n<p><span style=\"font-weight: 400;\">II &#8211; Caso de movimenta\u00e7\u00f5es societ\u00e1rias, como fus\u00e3o, aquisi\u00e7\u00e3o e incorpora\u00e7\u00e3o, de forma autom\u00e1tica;<\/span><\/p>\n<p><span style=\"font-weight: 400;\">III &#8211; Prote\u00e7\u00e3o dos direitos da \u00a0 AXIS SOLU\u00c7\u00d5ES EM ALTURA em qualquer tipo de conflito, inclusive os de teor judicial.<\/span><\/p>\n<p><span style=\"font-weight: 400;\">5.4.3 Transfer\u00eancia internacional de dados<\/span><\/p>\n<p><span style=\"font-weight: 400;\">Alguns dos terceiros com quem compartilhamos seus dados podem ser localizados ou possuir instala\u00e7\u00f5es localizadas em pa\u00edses estrangeiros. Nessas condi\u00e7\u00f5es, de toda forma, seus dados pessoais estar\u00e3o sujeitos \u00e0 Lei Geral de Prote\u00e7\u00e3o de Dados e \u00e0s demais legisla\u00e7\u00f5es brasileiras de prote\u00e7\u00e3o de dados.<\/span><\/p>\n<p><span style=\"font-weight: 400;\">Nesse sentido, a \u00a0 AXIS SOLU\u00c7\u00d5ES EM ALTURA se compromete a sempre adotar eficientes padr\u00f5es de seguran\u00e7a cibern\u00e9tica e de prote\u00e7\u00e3o de dados, nos melhores esfor\u00e7os de garantir e cumprir as exig\u00eancias legislativas.<\/span><\/p>\n<p><span style=\"font-weight: 400;\">5.5. Cookies ou dados de navega\u00e7\u00e3o<\/span><\/p>\n<p><span style=\"font-weight: 400;\">Cookies s\u00e3o arquivos de texto enviados pela plataforma ao seu computador e que nele se armazenam, s\u00e3o utilizados para aprimorar a experi\u00eancia de uso, geralmente n\u00e3o cont\u00eam muitas informa\u00e7\u00f5es, exceto pela url do site que criou o cookie, a dura\u00e7\u00e3o das habilidades, efeitos do cookie e um n\u00famero aleat\u00f3rio, ele n\u00e3o pode ser usado para revelar sua identidade ou identificar informa\u00e7\u00f5es pessoalmente.<\/span><\/p>\n<p><span style=\"font-weight: 400;\">Ao acessar nosso site\/plataforma e consentir com o uso de Cookies, voc\u00ea manifesta conhecer e aceitar a utiliza\u00e7\u00e3o de um sistema de coleta de dados de navega\u00e7\u00e3o com o uso de Cookies em seu dispositivo.<\/span><\/p>\n<p><span style=\"font-weight: 400;\">5.6. Altera\u00e7\u00e3o desta pol\u00edtica de privacidade<\/span><\/p>\n<p><span style=\"font-weight: 400;\">Reservamos o direito de modificar essa Pol\u00edtica de Privacidade a qualquer tempo, principalmente em fun\u00e7\u00e3o da adequa\u00e7\u00e3o a eventuais altera\u00e7\u00f5es feitas em nosso site ou em \u00e2mbito legislativo. Recomendamos que voc\u00ea a revise com frequ\u00eancia, eventuais altera\u00e7\u00f5es entrar\u00e3o em vigor a partir de sua publica\u00e7\u00e3o em nosso site.<\/span><\/p>\n<p><span style=\"font-weight: 400;\">5.7. Encarregado de Prote\u00e7\u00e3o de Dados<\/span><\/p>\n<p><span style=\"font-weight: 400;\">Caso tenha d\u00favidas sobre esta Pol\u00edtica de Privacidade ou sobre os dados pessoais que tratamos, voc\u00ea pode entrar em contato com o nosso Encarregado de Prote\u00e7\u00e3o de Dados Pessoais, atrav\u00e9s do formul\u00e1rio constante em nosso site, em Canais de Atendimento.<\/span><\/p>\n<p><span style=\"font-weight: 400;\">Ao concordar com essa Pol\u00edtica de Privacidade, voc\u00ea concorda com todos os termos descritos para tratamento de dados pessoais.<\/span><\/p>\t\t\t\t\t\t\t\t<\/div>\n\t\t\t\t<\/div>\n\t\t\t\t<\/div>\n\t\t\t\t<\/div>\n\t\t","protected":false},"excerpt":{"rendered":"<p>LGPD Baseado na Lei Geral de Prote\u00e7\u00e3o de Dados OBJETIVO A Pol\u00edtica de Privacidade e a prote\u00e7\u00e3o de dados descritas neste documento estabelece como \u00e9 feita a coleta, tratamento e transfer\u00eancia de informa\u00e7\u00f5es dos dados trafegados pela companhia, comprometendo-nos com a transpar\u00eancia do tratamento de dados pessoais dos nossos usu\u00e1rios\/clientes, respeitando a Constitui\u00e7\u00e3o Federal, em [&hellip;]<\/p>\n","protected":false},"author":1,"featured_media":0,"parent":0,"menu_order":0,"comment_status":"closed","ping_status":"closed","template":"elementor_header_footer","meta":{"footnotes":""},"class_list":["post-3","page","type-page","status-publish","hentry"],"yoast_head":"<!-- This site is optimized with the Yoast SEO plugin v27.4 - https:\/\/yoast.com\/product\/yoast-seo-wordpress\/ -->\n<title>Pol\u00edtica de Privacidade - axis loja 3<\/title>\n<meta name=\"robots\" content=\"index, follow, max-snippet:-1, max-image-preview:large, max-video-preview:-1\" \/>\n<link rel=\"canonical\" href=\"https:\/\/techeart.com.br\/axisloja3\/politica-de-privacidade\/\" \/>\n<meta property=\"og:locale\" content=\"pt_BR\" \/>\n<meta property=\"og:type\" content=\"article\" \/>\n<meta property=\"og:title\" content=\"Pol\u00edtica de Privacidade - axis loja 3\" \/>\n<meta property=\"og:description\" content=\"LGPD Baseado na Lei Geral de Prote\u00e7\u00e3o de Dados OBJETIVO A Pol\u00edtica de Privacidade e a prote\u00e7\u00e3o de dados descritas neste documento estabelece como \u00e9 feita a coleta, tratamento e transfer\u00eancia de informa\u00e7\u00f5es dos dados trafegados pela companhia, comprometendo-nos com a transpar\u00eancia do tratamento de dados pessoais dos nossos usu\u00e1rios\/clientes, respeitando a Constitui\u00e7\u00e3o Federal, em [&hellip;]\" \/>\n<meta property=\"og:url\" content=\"https:\/\/techeart.com.br\/axisloja3\/politica-de-privacidade\/\" \/>\n<meta property=\"og:site_name\" content=\"axis loja 3\" \/>\n<meta property=\"article:modified_time\" content=\"2024-09-11T17:07:13+00:00\" \/>\n<meta name=\"twitter:card\" content=\"summary_large_image\" \/>\n<meta name=\"twitter:label1\" content=\"Est. tempo de leitura\" \/>\n\t<meta name=\"twitter:data1\" content=\"11 minutos\" \/>\n<script type=\"application\/ld+json\" class=\"yoast-schema-graph\">{\"@context\":\"https:\\\/\\\/schema.org\",\"@graph\":[{\"@type\":\"WebPage\",\"@id\":\"https:\\\/\\\/techeart.com.br\\\/axisloja3\\\/politica-de-privacidade\\\/\",\"url\":\"https:\\\/\\\/techeart.com.br\\\/axisloja3\\\/politica-de-privacidade\\\/\",\"name\":\"Pol\u00edtica de Privacidade - axis loja 3\",\"isPartOf\":{\"@id\":\"https:\\\/\\\/techeart.com.br\\\/axisloja3\\\/#website\"},\"datePublished\":\"2024-08-29T19:41:04+00:00\",\"dateModified\":\"2024-09-11T17:07:13+00:00\",\"breadcrumb\":{\"@id\":\"https:\\\/\\\/techeart.com.br\\\/axisloja3\\\/politica-de-privacidade\\\/#breadcrumb\"},\"inLanguage\":\"pt-BR\",\"potentialAction\":[{\"@type\":\"ReadAction\",\"target\":[\"https:\\\/\\\/techeart.com.br\\\/axisloja3\\\/politica-de-privacidade\\\/\"]}]},{\"@type\":\"BreadcrumbList\",\"@id\":\"https:\\\/\\\/techeart.com.br\\\/axisloja3\\\/politica-de-privacidade\\\/#breadcrumb\",\"itemListElement\":[{\"@type\":\"ListItem\",\"position\":1,\"name\":\"In\u00edcio\",\"item\":\"https:\\\/\\\/techeart.com.br\\\/axisloja3\\\/\"},{\"@type\":\"ListItem\",\"position\":2,\"name\":\"Pol\u00edtica de Privacidade\"}]},{\"@type\":\"WebSite\",\"@id\":\"https:\\\/\\\/techeart.com.br\\\/axisloja3\\\/#website\",\"url\":\"https:\\\/\\\/techeart.com.br\\\/axisloja3\\\/\",\"name\":\"axis loja 3\",\"description\":\"\",\"publisher\":{\"@id\":\"https:\\\/\\\/techeart.com.br\\\/axisloja3\\\/#organization\"},\"potentialAction\":[{\"@type\":\"SearchAction\",\"target\":{\"@type\":\"EntryPoint\",\"urlTemplate\":\"https:\\\/\\\/techeart.com.br\\\/axisloja3\\\/?s={search_term_string}\"},\"query-input\":{\"@type\":\"PropertyValueSpecification\",\"valueRequired\":true,\"valueName\":\"search_term_string\"}}],\"inLanguage\":\"pt-BR\"},{\"@type\":\"Organization\",\"@id\":\"https:\\\/\\\/techeart.com.br\\\/axisloja3\\\/#organization\",\"name\":\"axis loja 3\",\"url\":\"https:\\\/\\\/techeart.com.br\\\/axisloja3\\\/\",\"logo\":{\"@type\":\"ImageObject\",\"inLanguage\":\"pt-BR\",\"@id\":\"https:\\\/\\\/techeart.com.br\\\/axisloja3\\\/#\\\/schema\\\/logo\\\/image\\\/\",\"url\":\"https:\\\/\\\/techeart.com.br\\\/axisloja3\\\/wp-content\\\/uploads\\\/2024\\\/08\\\/Design-sem-nome-9.png\",\"contentUrl\":\"https:\\\/\\\/techeart.com.br\\\/axisloja3\\\/wp-content\\\/uploads\\\/2024\\\/08\\\/Design-sem-nome-9.png\",\"width\":150,\"height\":150,\"caption\":\"axis loja 3\"},\"image\":{\"@id\":\"https:\\\/\\\/techeart.com.br\\\/axisloja3\\\/#\\\/schema\\\/logo\\\/image\\\/\"}}]}<\/script>\n<!-- \/ Yoast SEO plugin. -->","yoast_head_json":{"title":"Pol\u00edtica de Privacidade - axis loja 3","robots":{"index":"index","follow":"follow","max-snippet":"max-snippet:-1","max-image-preview":"max-image-preview:large","max-video-preview":"max-video-preview:-1"},"canonical":"https:\/\/techeart.com.br\/axisloja3\/politica-de-privacidade\/","og_locale":"pt_BR","og_type":"article","og_title":"Pol\u00edtica de Privacidade - axis loja 3","og_description":"LGPD Baseado na Lei Geral de Prote\u00e7\u00e3o de Dados OBJETIVO A Pol\u00edtica de Privacidade e a prote\u00e7\u00e3o de dados descritas neste documento estabelece como \u00e9 feita a coleta, tratamento e transfer\u00eancia de informa\u00e7\u00f5es dos dados trafegados pela companhia, comprometendo-nos com a transpar\u00eancia do tratamento de dados pessoais dos nossos usu\u00e1rios\/clientes, respeitando a Constitui\u00e7\u00e3o Federal, em [&hellip;]","og_url":"https:\/\/techeart.com.br\/axisloja3\/politica-de-privacidade\/","og_site_name":"axis loja 3","article_modified_time":"2024-09-11T17:07:13+00:00","twitter_card":"summary_large_image","twitter_misc":{"Est. tempo de leitura":"11 minutos"},"schema":{"@context":"https:\/\/schema.org","@graph":[{"@type":"WebPage","@id":"https:\/\/techeart.com.br\/axisloja3\/politica-de-privacidade\/","url":"https:\/\/techeart.com.br\/axisloja3\/politica-de-privacidade\/","name":"Pol\u00edtica de Privacidade - axis loja 3","isPartOf":{"@id":"https:\/\/techeart.com.br\/axisloja3\/#website"},"datePublished":"2024-08-29T19:41:04+00:00","dateModified":"2024-09-11T17:07:13+00:00","breadcrumb":{"@id":"https:\/\/techeart.com.br\/axisloja3\/politica-de-privacidade\/#breadcrumb"},"inLanguage":"pt-BR","potentialAction":[{"@type":"ReadAction","target":["https:\/\/techeart.com.br\/axisloja3\/politica-de-privacidade\/"]}]},{"@type":"BreadcrumbList","@id":"https:\/\/techeart.com.br\/axisloja3\/politica-de-privacidade\/#breadcrumb","itemListElement":[{"@type":"ListItem","position":1,"name":"In\u00edcio","item":"https:\/\/techeart.com.br\/axisloja3\/"},{"@type":"ListItem","position":2,"name":"Pol\u00edtica de Privacidade"}]},{"@type":"WebSite","@id":"https:\/\/techeart.com.br\/axisloja3\/#website","url":"https:\/\/techeart.com.br\/axisloja3\/","name":"axis loja 3","description":"","publisher":{"@id":"https:\/\/techeart.com.br\/axisloja3\/#organization"},"potentialAction":[{"@type":"SearchAction","target":{"@type":"EntryPoint","urlTemplate":"https:\/\/techeart.com.br\/axisloja3\/?s={search_term_string}"},"query-input":{"@type":"PropertyValueSpecification","valueRequired":true,"valueName":"search_term_string"}}],"inLanguage":"pt-BR"},{"@type":"Organization","@id":"https:\/\/techeart.com.br\/axisloja3\/#organization","name":"axis loja 3","url":"https:\/\/techeart.com.br\/axisloja3\/","logo":{"@type":"ImageObject","inLanguage":"pt-BR","@id":"https:\/\/techeart.com.br\/axisloja3\/#\/schema\/logo\/image\/","url":"https:\/\/techeart.com.br\/axisloja3\/wp-content\/uploads\/2024\/08\/Design-sem-nome-9.png","contentUrl":"https:\/\/techeart.com.br\/axisloja3\/wp-content\/uploads\/2024\/08\/Design-sem-nome-9.png","width":150,"height":150,"caption":"axis loja 3"},"image":{"@id":"https:\/\/techeart.com.br\/axisloja3\/#\/schema\/logo\/image\/"}}]}},"_links":{"self":[{"href":"https:\/\/techeart.com.br\/axisloja3\/wp-json\/wp\/v2\/pages\/3","targetHints":{"allow":["GET"]}}],"collection":[{"href":"https:\/\/techeart.com.br\/axisloja3\/wp-json\/wp\/v2\/pages"}],"about":[{"href":"https:\/\/techeart.com.br\/axisloja3\/wp-json\/wp\/v2\/types\/page"}],"author":[{"embeddable":true,"href":"https:\/\/techeart.com.br\/axisloja3\/wp-json\/wp\/v2\/users\/1"}],"replies":[{"embeddable":true,"href":"https:\/\/techeart.com.br\/axisloja3\/wp-json\/wp\/v2\/comments?post=3"}],"version-history":[{"count":10,"href":"https:\/\/techeart.com.br\/axisloja3\/wp-json\/wp\/v2\/pages\/3\/revisions"}],"predecessor-version":[{"id":559,"href":"https:\/\/techeart.com.br\/axisloja3\/wp-json\/wp\/v2\/pages\/3\/revisions\/559"}],"wp:attachment":[{"href":"https:\/\/techeart.com.br\/axisloja3\/wp-json\/wp\/v2\/media?parent=3"}],"curies":[{"name":"wp","href":"https:\/\/api.w.org\/{rel}","templated":true}]}}